{"id":69,"date":"2024-01-09T11:05:29","date_gmt":"2024-01-09T11:05:29","guid":{"rendered":"https:\/\/demosites.io\/web-agency-gb\/?page_id=69"},"modified":"2025-01-08T11:54:49","modified_gmt":"2025-01-08T11:54:49","slug":"artigos","status":"publish","type":"page","link":"https:\/\/art-telheiras.pt\/?page_id=69","title":{"rendered":"Artigos"},"content":{"rendered":"\n<div class=\"wp-block-cover alignfull has-nv-dark-bg-color has-text-color has-link-color wp-elements-d7ef2d451c9708172eb8ac6ee8ea161d\" style=\"min-height:380px;aspect-ratio:unset;\"><span aria-hidden=\"true\" class=\"wp-block-cover__background has-nv-site-bg-background-color has-background-dim-100 has-background-dim\"><\/span><div class=\"wp-block-cover__inner-container is-layout-flow wp-block-cover-is-layout-flow\">\n<div class=\"wp-block-group\"><div class=\"wp-block-group__inner-container is-layout-flow wp-block-group-is-layout-flow\">\n<div class=\"wp-block-columns are-vertically-aligned-center has-neve-text-color-color has-text-color is-layout-flex wp-container-core-columns-is-layout-9d6595d7 wp-block-columns-is-layout-flex\">\n<div class=\"wp-block-column is-vertically-aligned-center is-layout-flow wp-block-column-is-layout-flow\" style=\"flex-basis:100%\">\n<div class=\"wp-block-group has-nv-site-bg-color has-text-color has-link-color wp-elements-2ca4a501e6b00681a10ba6d188f051fb\"><div class=\"wp-block-group__inner-container is-layout-constrained wp-block-group-is-layout-constrained\">\n<h1 class=\"wp-block-heading has-nv-dark-bg-color has-text-color has-link-color wp-elements-7d947952bb956676b770dee1ecf8cdd3\">Artigos<\/h1>\n\n\n\n<h6 class=\"wp-block-heading has-nv-dark-bg-color has-text-color has-link-color wp-elements-b360cf03cb2ad90e8f8cc66dea5bf9ff\">Este \u00e9 o blog da associa\u00e7\u00e3o! Um pequeno jornal onde os s\u00f3cios e os residentes de Telheiras em geral, t\u00eam a oportunidade de se expressar e de se apresentar. <\/h6>\n\n\n\n<h6 class=\"wp-block-heading has-nv-dark-bg-color has-text-color has-link-color wp-elements-ef7619fbeb587f6e8a4d7603817dad51\">Se queres saber mais sobre a nossa comunidade, continua a ler.&nbsp;Se queres participar com um artigo ou outro tipo de contribui\u00e7\u00e3o <a href=\"https:\/\/art-telheiras.pt\/?page_id=75\" data-type=\"page\" data-id=\"75\">entra em contacto connosco<\/a>.<\/h6>\n\n\n\n<h6 class=\"wp-block-heading has-nv-dark-bg-color has-text-color has-link-color wp-elements-7079c987fe48dde5f2e95750b024c7c4\"><strong>Os artigos est\u00e3o divididos nas seguintes categorias:<\/strong><\/h6>\n<\/div><\/div>\n\n\n\n<div class=\"wp-block-columns is-layout-flex wp-container-core-columns-is-layout-9d6595d7 wp-block-columns-is-layout-flex\">\n<div class=\"wp-block-column is-layout-flow wp-block-column-is-layout-flow\" style=\"flex-basis:100%\"><\/div>\n<\/div>\n<\/div>\n<\/div>\n<\/div><\/div>\n<\/div><\/div>\n\n\n\n<div class=\"wp-block-cover alignfull is-light has-nv-dark-bg-color has-text-color has-link-color wp-elements-a61ea1d463b28c2bf54bdef833fdb895\" style=\"padding-top:var(--wp--preset--spacing--50);padding-right:0;padding-bottom:var(--wp--preset--spacing--50);padding-left:0;min-height:600px;aspect-ratio:unset;\"><span aria-hidden=\"true\" class=\"wp-block-cover__background has-nv-light-bg-background-color has-background-dim\"><\/span><div class=\"wp-block-cover__inner-container is-layout-constrained wp-container-core-cover-is-layout-8c512159 wp-block-cover-is-layout-constrained\">\n<div style=\"height:21px\" aria-hidden=\"true\" class=\"wp-block-spacer\"><\/div>\n\n\n\n<div style=\"height:21px\" aria-hidden=\"true\" class=\"wp-block-spacer\"><\/div>\n\n\n\n<h5 class=\"wp-block-heading has-text-align-center\">ARTIGOS<\/h5>\n\n\n\n<h2 class=\"wp-block-heading has-text-align-center\">Rubricas<\/h2>\n\n\n\n<div style=\"height:0px\" aria-hidden=\"true\" class=\"wp-block-spacer\"><\/div>\n\n\n\n<div style=\"height:22px\" aria-hidden=\"true\" class=\"wp-block-spacer\"><\/div>\n\n\n\n<div class=\"wp-block-columns alignwide are-vertically-aligned-top is-layout-flex wp-container-core-columns-is-layout-ed5226f6 wp-block-columns-is-layout-flex\" style=\"padding-right:0;padding-left:0\">\n<div class=\"wp-block-column is-vertically-aligned-top is-layout-flow wp-block-column-is-layout-flow\">\n<div class=\"wp-block-group\"><div class=\"wp-block-group__inner-container is-layout-constrained wp-block-group-is-layout-constrained\">\n<h3 class=\"wp-block-heading has-text-align-center\"><strong><strong>Novidades e Mexericos<\/strong><\/strong><\/h3>\n\n\n<div class=\"wp-block-image is-style-rounded\">\n<figure class=\"aligncenter size-large is-resized\"><img loading=\"lazy\" decoding=\"async\" width=\"1024\" height=\"768\" src=\"https:\/\/art-telheiras.pt\/wp-content\/uploads\/2024\/02\/20220528_112614-w-1024x768.jpg\" alt=\"\" class=\"wp-image-964\" style=\"object-fit:cover;width:220px;height:220px\" srcset=\"https:\/\/art-telheiras.pt\/wp-content\/uploads\/2024\/02\/20220528_112614-w-1024x768.jpg 1024w, https:\/\/art-telheiras.pt\/wp-content\/uploads\/2024\/02\/20220528_112614-w-300x225.jpg 300w, https:\/\/art-telheiras.pt\/wp-content\/uploads\/2024\/02\/20220528_112614-w-768x576.jpg 768w, https:\/\/art-telheiras.pt\/wp-content\/uploads\/2024\/02\/20220528_112614-w-1536x1152.jpg 1536w, https:\/\/art-telheiras.pt\/wp-content\/uploads\/2024\/02\/20220528_112614-w.jpg 2000w\" sizes=\"(max-width: 1024px) 100vw, 1024px\" \/><\/figure>\n<\/div>\n\n\n<div style=\"height:20px\" aria-hidden=\"true\" class=\"wp-block-spacer\"><\/div>\n\n\n\n<p class=\"has-text-align-left\">Eventos, not\u00edcias e acontecimentos no nosso bairro. Muito acontece e \u00e9 importante valorizar, rever e relembrar os momentos que partilh\u00e1mos. Fazer notar tamb\u00e9m aquilo que nos pode ter escapado.<\/p>\n\n\n\n<p class=\"has-text-align-left\"><a href=\"https:\/\/art-telheiras.pt\/?cat=7\" data-type=\"category\" data-id=\"7\">Ver mais&#8230;<\/a><\/p>\n<\/div><\/div>\n<\/div>\n\n\n\n<div class=\"wp-block-column is-vertically-aligned-top is-layout-flow wp-block-column-is-layout-flow\">\n<div class=\"wp-block-group\"><div class=\"wp-block-group__inner-container is-layout-constrained wp-block-group-is-layout-constrained\">\n<h3 class=\"wp-block-heading has-text-align-center\"><strong>Escrita Criativa<\/strong><\/h3>\n\n\n<div class=\"wp-block-image is-style-rounded\">\n<figure class=\"aligncenter size-large is-resized\"><img loading=\"lazy\" decoding=\"async\" width=\"1024\" height=\"682\" src=\"https:\/\/art-telheiras.pt\/wp-content\/uploads\/2024\/02\/2304_ALX_2473-FilipaRosa-w-1024x682.jpg\" alt=\"\" class=\"wp-image-950\" style=\"object-fit:cover;width:220px;height:220px\" srcset=\"https:\/\/art-telheiras.pt\/wp-content\/uploads\/2024\/02\/2304_ALX_2473-FilipaRosa-w-1024x682.jpg 1024w, https:\/\/art-telheiras.pt\/wp-content\/uploads\/2024\/02\/2304_ALX_2473-FilipaRosa-w-300x200.jpg 300w, https:\/\/art-telheiras.pt\/wp-content\/uploads\/2024\/02\/2304_ALX_2473-FilipaRosa-w-768x512.jpg 768w, https:\/\/art-telheiras.pt\/wp-content\/uploads\/2024\/02\/2304_ALX_2473-FilipaRosa-w-1536x1024.jpg 1536w, https:\/\/art-telheiras.pt\/wp-content\/uploads\/2024\/02\/2304_ALX_2473-FilipaRosa-w-930x620.jpg 930w, https:\/\/art-telheiras.pt\/wp-content\/uploads\/2024\/02\/2304_ALX_2473-FilipaRosa-w.jpg 2000w\" sizes=\"(max-width: 1024px) 100vw, 1024px\" \/><\/figure>\n<\/div>\n\n\n<div style=\"height:20px\" aria-hidden=\"true\" class=\"wp-block-spacer\"><\/div>\n\n\n\n<p class=\"has-text-align-left\">Dedicado \u00e0 criatividade dos associados, aqui publicamos escrita criativa, poesia, fotografia, fanzines e outros preciosos rabiscos e rascunhos.<\/p>\n\n\n\n<p class=\"has-text-align-left\"><a href=\"https:\/\/art-telheiras.pt\/?cat=7\" data-type=\"category\" data-id=\"7\">Ver mais&#8230;<\/a><\/p>\n<\/div><\/div>\n<\/div>\n\n\n\n<div class=\"wp-block-column is-vertically-aligned-top is-layout-flow wp-block-column-is-layout-flow\">\n<div class=\"wp-block-group\"><div class=\"wp-block-group__inner-container is-layout-constrained wp-block-group-is-layout-constrained\">\n<h3 class=\"wp-block-heading has-text-align-center\"><strong>Interven\u00e7\u00e3o<\/strong><\/h3>\n\n\n<div class=\"wp-block-image is-style-rounded\">\n<figure class=\"aligncenter size-large is-resized\"><img loading=\"lazy\" decoding=\"async\" width=\"1024\" height=\"1024\" src=\"https:\/\/art-telheiras.pt\/wp-content\/uploads\/2024\/02\/20220525_133231-w-1024x1024.jpg\" alt=\"\" class=\"wp-image-967\" style=\"object-fit:cover;width:220px;height:220px\" srcset=\"https:\/\/art-telheiras.pt\/wp-content\/uploads\/2024\/02\/20220525_133231-w-1024x1024.jpg 1024w, https:\/\/art-telheiras.pt\/wp-content\/uploads\/2024\/02\/20220525_133231-w-300x300.jpg 300w, https:\/\/art-telheiras.pt\/wp-content\/uploads\/2024\/02\/20220525_133231-w-150x150.jpg 150w, https:\/\/art-telheiras.pt\/wp-content\/uploads\/2024\/02\/20220525_133231-w-768x768.jpg 768w, https:\/\/art-telheiras.pt\/wp-content\/uploads\/2024\/02\/20220525_133231-w.jpg 1300w\" sizes=\"(max-width: 1024px) 100vw, 1024px\" \/><\/figure>\n<\/div>\n\n\n<div style=\"height:20px\" aria-hidden=\"true\" class=\"wp-block-spacer\"><\/div>\n\n\n\n<p class=\"has-text-align-left\">A interven\u00e7\u00e3o e participa\u00e7\u00e3o c\u00edvica \u00e9 indissoci\u00e1vel da democracia. E \u00e9 da pequena escala do bairro, que por vezes, d\u00e3o inicio mudan\u00e7as consequentes.&nbsp;<\/p>\n<\/div><\/div>\n\n\n\n<p class=\"has-text-align-left\"><a href=\"https:\/\/art-telheiras.pt\/?cat=10\" data-type=\"category\" data-id=\"10\">Ver mais&#8230;<\/a><\/p>\n<\/div>\n<\/div>\n\n\n\n<div style=\"height:22px\" aria-hidden=\"true\" class=\"wp-block-spacer\"><\/div>\n\n\n\n<div style=\"height:19px\" aria-hidden=\"true\" class=\"wp-block-spacer\"><\/div>\n\n\n\n<div class=\"wp-block-columns alignwide are-vertically-aligned-top is-layout-flex wp-container-core-columns-is-layout-9d6595d7 wp-block-columns-is-layout-flex\" style=\"border-style:none;border-width:0px;border-radius:0px\">\n<div class=\"wp-block-column is-vertically-aligned-top is-layout-flow wp-block-column-is-layout-flow\" style=\"padding-right:0;padding-left:0\">\n<div class=\"wp-block-group\"><div class=\"wp-block-group__inner-container is-layout-constrained wp-block-group-is-layout-constrained\">\n<h3 class=\"wp-block-heading has-text-align-center\"><strong><strong>Por falar em&#8230;<\/strong><\/strong><\/h3>\n\n\n<div class=\"wp-block-image is-style-rounded\">\n<figure class=\"aligncenter size-large is-resized\"><img loading=\"lazy\" decoding=\"async\" width=\"1024\" height=\"683\" src=\"https:\/\/art-telheiras.pt\/wp-content\/uploads\/2024\/02\/ALX_3272-carroGiz-FilipaRosa-1024x683.jpg\" alt=\"\" class=\"wp-image-968\" style=\"object-fit:cover;width:220px;height:220px\" srcset=\"https:\/\/art-telheiras.pt\/wp-content\/uploads\/2024\/02\/ALX_3272-carroGiz-FilipaRosa-1024x683.jpg 1024w, https:\/\/art-telheiras.pt\/wp-content\/uploads\/2024\/02\/ALX_3272-carroGiz-FilipaRosa-300x200.jpg 300w, https:\/\/art-telheiras.pt\/wp-content\/uploads\/2024\/02\/ALX_3272-carroGiz-FilipaRosa-768x512.jpg 768w, https:\/\/art-telheiras.pt\/wp-content\/uploads\/2024\/02\/ALX_3272-carroGiz-FilipaRosa-1536x1024.jpg 1536w, https:\/\/art-telheiras.pt\/wp-content\/uploads\/2024\/02\/ALX_3272-carroGiz-FilipaRosa-930x620.jpg 930w, https:\/\/art-telheiras.pt\/wp-content\/uploads\/2024\/02\/ALX_3272-carroGiz-FilipaRosa.jpg 1600w\" sizes=\"(max-width: 1024px) 100vw, 1024px\" \/><\/figure>\n<\/div>\n\n\n<div style=\"height:20px\" aria-hidden=\"true\" class=\"wp-block-spacer\"><\/div>\n\n\n\n<p class=\"has-text-align-left\">Temas que nos interessam, e que se transformam em sugest\u00f5es e ideias de a\u00e7\u00f5es que podem ser a mudan\u00e7a que queremos ver em n\u00f3s e nos espa\u00e7o \u00e0 nossa volta. <\/p>\n\n\n\n<p><\/p>\n<\/div><\/div>\n<\/div>\n\n\n\n<div class=\"wp-block-column is-vertically-aligned-top is-layout-flow wp-block-column-is-layout-flow\">\n<div class=\"wp-block-group\"><div class=\"wp-block-group__inner-container is-layout-constrained wp-block-group-is-layout-constrained\">\n<h3 class=\"wp-block-heading has-text-align-center\">Telheirenses<\/h3>\n\n\n<div class=\"wp-block-image is-style-rounded\">\n<figure class=\"aligncenter size-large is-resized\"><img loading=\"lazy\" decoding=\"async\" width=\"742\" height=\"1024\" src=\"https:\/\/art-telheiras.pt\/wp-content\/uploads\/2024\/01\/DSC_6625_Sr_Guimaraes_vert-742x1024.jpg\" alt=\"\" class=\"wp-image-481\" style=\"object-fit:cover;width:220px;height:220px\" srcset=\"https:\/\/art-telheiras.pt\/wp-content\/uploads\/2024\/01\/DSC_6625_Sr_Guimaraes_vert-742x1024.jpg 742w, https:\/\/art-telheiras.pt\/wp-content\/uploads\/2024\/01\/DSC_6625_Sr_Guimaraes_vert-217x300.jpg 217w, https:\/\/art-telheiras.pt\/wp-content\/uploads\/2024\/01\/DSC_6625_Sr_Guimaraes_vert-768x1060.jpg 768w, https:\/\/art-telheiras.pt\/wp-content\/uploads\/2024\/01\/DSC_6625_Sr_Guimaraes_vert-1112x1536.jpg 1112w, https:\/\/art-telheiras.pt\/wp-content\/uploads\/2024\/01\/DSC_6625_Sr_Guimaraes_vert.jpg 1376w\" sizes=\"(max-width: 742px) 100vw, 742px\" \/><\/figure>\n<\/div>\n\n\n<div style=\"height:20px\" aria-hidden=\"true\" class=\"wp-block-spacer\"><\/div>\n\n\n\n<p class=\"has-text-align-left\">As hist\u00f3rias e paix\u00f5es dos telheirenses s\u00e3o retratadas nesta sec\u00e7\u00e3o. Porque, no final de contas, o que faz um bairro s\u00e3o aqueles que o habitam.<\/p>\n\n\n\n<p class=\"has-text-align-left\"><\/p>\n<\/div><\/div>\n<\/div>\n\n\n\n<div class=\"wp-block-column is-vertically-aligned-top is-layout-flow wp-block-column-is-layout-flow\">\n<div class=\"wp-block-group\"><div class=\"wp-block-group__inner-container is-layout-constrained wp-block-group-is-layout-constrained\">\n<h3 class=\"wp-block-heading has-text-align-center\"><strong><strong>Mem\u00f3rias<\/strong><\/strong><\/h3>\n\n\n<div class=\"wp-block-image is-style-rounded\">\n<figure class=\"aligncenter size-large is-resized\"><img loading=\"lazy\" decoding=\"async\" width=\"1024\" height=\"683\" src=\"https:\/\/art-telheiras.pt\/wp-content\/uploads\/2024\/02\/DSC_6262_abelha-1024x683.jpg\" alt=\"\" class=\"wp-image-961\" style=\"object-fit:cover;width:220px;height:220px\" srcset=\"https:\/\/art-telheiras.pt\/wp-content\/uploads\/2024\/02\/DSC_6262_abelha-1024x683.jpg 1024w, https:\/\/art-telheiras.pt\/wp-content\/uploads\/2024\/02\/DSC_6262_abelha-300x200.jpg 300w, https:\/\/art-telheiras.pt\/wp-content\/uploads\/2024\/02\/DSC_6262_abelha-768x512.jpg 768w, https:\/\/art-telheiras.pt\/wp-content\/uploads\/2024\/02\/DSC_6262_abelha-930x620.jpg 930w, https:\/\/art-telheiras.pt\/wp-content\/uploads\/2024\/02\/DSC_6262_abelha.jpg 1440w\" sizes=\"(max-width: 1024px) 100vw, 1024px\" \/><\/figure>\n<\/div>\n\n\n<div style=\"height:20px\" aria-hidden=\"true\" class=\"wp-block-spacer\"><\/div>\n\n\n\n<p class=\"has-text-align-left\">H\u00e1 tanto para contar sobre Telheiras, sobre o que foi feito e vivido outrora. Vamos descobrir o que esteve na origem do que vemos e do que deixou de se ver.<\/p>\n<\/div><\/div>\n\n\n\n<p class=\"has-text-align-left\"><\/p>\n<\/div>\n<\/div>\n<\/div><\/div>\n\n\n\n<div id=\"wp-block-themeisle-blocks-advanced-columns-678cc482\" class=\"wp-block-themeisle-blocks-advanced-columns alignfull has-1-columns has-desktop-equal-layout has-tablet-equal-layout has-mobile-collapsedRows-layout has-reverse-columns-mobile has-vertical-bottom ticss-c00aadba\"><div class=\"wp-block-themeisle-blocks-advanced-columns-overlay\"><\/div><div class=\"innerblocks-wrap\">\n<div id=\"wp-block-themeisle-blocks-advanced-column-4d412c51\" class=\"wp-block-themeisle-blocks-advanced-column\">\n<h2 id=\"wp-block-themeisle-blocks-advanced-heading-fb3c7a39\" class=\"wp-block-themeisle-blocks-advanced-heading wp-block-themeisle-blocks-advanced-heading-fb3c7a39\">Queres publicar na nossa p\u00e1gina?<\/h2>\n\n\n\n<p class=\"has-text-align-center has-text-color\" style=\"color:#fefefe\">Escreve-nos e envia-nos a tua proposta:<\/p>\n\n\n\n<div class=\"wp-block-buttons is-content-justification-center is-layout-flex wp-container-core-buttons-is-layout-16018d1d wp-block-buttons-is-layout-flex\">\n<div class=\"wp-block-button is-style-primary\"><a class=\"wp-block-button__link wp-element-button\" href=\"https:\/\/art-telheiras.pt\/?page_id=75\">Contacto<\/a><\/div>\n<\/div>\n<\/div>\n<\/div><\/div>\n\n\n\n<div style=\"height:62px\" aria-hidden=\"true\" class=\"wp-block-spacer\"><\/div>\n\n\n<div class=\"wp-block-themeisle-blocks-posts-grid\" id=\"wp-block-themeisle-blocks-posts-grid-db914fa6\"><div class=\"is-grid o-posts-grid-columns-4\"><div class=\"o-posts-grid-post-blog o-posts-grid-post-plain\"><div class=\"o-posts-grid-post\"><div class=\"o-posts-grid-post-body is-full\"><p class=\"o-posts-grid-post-meta\"> \/ <a href=\"https:\/\/art-telheiras.pt\/?cat=5\">Artigos<\/a>, <a href=\"https:\/\/art-telheiras.pt\/?cat=11\">Novidades e Mexericos<\/a><\/p><h4 class=\"o-posts-grid-post-title\"><a href=\"https:\/\/art-telheiras.pt\/?p=1505\">Postal de Natal 2024 \ud83c\udf84<\/a><\/h4><div class=\"o-posts-grid-post-description\"><p>Criatividade n\u00e3o falta ao grupo das AGUARELAS da ART . Lindo postal de NatalPARAB\u00c9NS!!<\/p><a class=\"o-posts-read-more\" href=\"https:\/\/art-telheiras.pt\/?p=1505\">Read More<\/a><\/div><\/div><\/div><\/div><div class=\"o-posts-grid-post-blog o-posts-grid-post-plain\"><div class=\"o-posts-grid-post\"><div class=\"o-posts-grid-post-body is-full\"><p class=\"o-posts-grid-post-meta\"> \/ <a href=\"https:\/\/art-telheiras.pt\/?cat=7\">Escrita Criativa<\/a>, <a href=\"https:\/\/art-telheiras.pt\/?cat=1\">Uncategorized<\/a><\/p><h4 class=\"o-posts-grid-post-title\"><a href=\"https:\/\/art-telheiras.pt\/?p=1490\">Conto de Natal<\/a><\/h4><div class=\"o-posts-grid-post-description\"><p>Conto original por Aldora Amaral.<\/p><a class=\"o-posts-read-more\" href=\"https:\/\/art-telheiras.pt\/?p=1490\">Read More<\/a><\/div><\/div><\/div><\/div><div class=\"o-posts-grid-post-blog o-posts-grid-post-plain\"><div class=\"o-posts-grid-post\"><div class=\"o-posts-grid-post-image\"><a href=\"https:\/\/art-telheiras.pt\/?p=1434\"><img loading=\"lazy\" decoding=\"async\" width=\"399\" height=\"235\" src=\"https:\/\/art-telheiras.pt\/wp-content\/uploads\/2024\/07\/cerb-1.jpeg\" class=\"attachment-neve-blog size-neve-blog\" alt=\"2\u00ba projeto de energia solar da Comunidade de Energia de Telheiras\/Lumiar (at\u00e9 25 de julho!)\" srcset=\"https:\/\/art-telheiras.pt\/wp-content\/uploads\/2024\/07\/cerb-1.jpeg 399w, https:\/\/art-telheiras.pt\/wp-content\/uploads\/2024\/07\/cerb-1-300x177.jpeg 300w\" sizes=\"(max-width: 399px) 100vw, 399px\" \/><\/a><\/div><div class=\"o-posts-grid-post-body\"><p class=\"o-posts-grid-post-meta\"> \/ <a href=\"https:\/\/art-telheiras.pt\/?cat=5\">Artigos<\/a>, <a href=\"https:\/\/art-telheiras.pt\/?cat=10\">Interven\u00e7\u00e3o<\/a><\/p><h4 class=\"o-posts-grid-post-title\"><a href=\"https:\/\/art-telheiras.pt\/?p=1434\">2\u00ba projeto de energia solar da Comunidade de Energia de Telheiras\/Lumiar (at\u00e9 25 de julho!)<\/a><\/h4><div class=\"o-posts-grid-post-description\"><p>A Comunidade de Energia Renov\u00e1vel de Telheiras (CER Telheiras) tem as&nbsp;inscri\u00e7\u00f5es abertas para o\u2026<\/p><a class=\"o-posts-read-more\" href=\"https:\/\/art-telheiras.pt\/?p=1434\">Read More<\/a><\/div><\/div><\/div><\/div><div class=\"o-posts-grid-post-blog o-posts-grid-post-plain\"><div class=\"o-posts-grid-post\"><div class=\"o-posts-grid-post-image\"><a href=\"https:\/\/art-telheiras.pt\/?p=1355\"><img loading=\"lazy\" decoding=\"async\" width=\"930\" height=\"620\" src=\"https:\/\/art-telheiras.pt\/wp-content\/uploads\/2024\/04\/banco1-930x620.jpg\" class=\"attachment-neve-blog size-neve-blog\" alt=\"Degrada\u00e7\u00e3o dos bancos de jardim\" \/><\/a><\/div><div class=\"o-posts-grid-post-body\"><p class=\"o-posts-grid-post-meta\"> \/ <a href=\"https:\/\/art-telheiras.pt\/?cat=5\">Artigos<\/a>, <a href=\"https:\/\/art-telheiras.pt\/?cat=10\">Interven\u00e7\u00e3o<\/a><\/p><h4 class=\"o-posts-grid-post-title\"><a href=\"https:\/\/art-telheiras.pt\/?p=1355\">Degrada\u00e7\u00e3o dos bancos de jardim<\/a><\/h4><div class=\"o-posts-grid-post-description\"><p>Caros Residentes, Todos constatamos, infelizmente, o estado de degrada\u00e7\u00e3o a que chegaram os bancos d\u2026<\/p><a class=\"o-posts-read-more\" href=\"https:\/\/art-telheiras.pt\/?p=1355\">Read More<\/a><\/div><\/div><\/div><\/div><div class=\"o-posts-grid-post-blog o-posts-grid-post-plain\"><div class=\"o-posts-grid-post\"><div class=\"o-posts-grid-post-image\"><a href=\"https:\/\/art-telheiras.pt\/?p=984\"><img loading=\"lazy\" decoding=\"async\" width=\"930\" height=\"620\" src=\"https:\/\/art-telheiras.pt\/wp-content\/uploads\/2024\/02\/20220818_200728-FR-w-930x620.jpg\" class=\"attachment-neve-blog size-neve-blog\" alt=\"Direito de Superf\u00edcie\" \/><\/a><\/div><div class=\"o-posts-grid-post-body\"><p class=\"o-posts-grid-post-meta\"> \/ <a href=\"https:\/\/art-telheiras.pt\/?cat=5\">Artigos<\/a>, <a href=\"https:\/\/art-telheiras.pt\/?cat=10\">Interven\u00e7\u00e3o<\/a><\/p><h4 class=\"o-posts-grid-post-title\"><a href=\"https:\/\/art-telheiras.pt\/?p=984\">Direito de Superf\u00edcie<\/a><\/h4><div class=\"o-posts-grid-post-description\"><p>O&nbsp;Direito de Superf\u00edcie&nbsp;n\u00e3o \u00e9 um tema desconhecido a grande parte dos Telheirenses. No ent\u2026<\/p><a class=\"o-posts-read-more\" href=\"https:\/\/art-telheiras.pt\/?p=984\">Read More<\/a><\/div><\/div><\/div><\/div><div class=\"o-posts-grid-post-blog o-posts-grid-post-plain\"><div class=\"o-posts-grid-post\"><div class=\"o-posts-grid-post-image\"><a href=\"https:\/\/art-telheiras.pt\/?p=353\"><img loading=\"lazy\" decoding=\"async\" width=\"930\" height=\"620\" src=\"https:\/\/art-telheiras.pt\/wp-content\/uploads\/2021\/11\/christian-lischka-sj-x9PS04F3s-A-unsplash-w-930x620.jpg\" class=\"attachment-neve-blog size-neve-blog\" alt=\"Atribula\u00e7\u00f5es de uma formiga em Telheiras\" \/><\/a><\/div><div class=\"o-posts-grid-post-body\"><p class=\"o-posts-grid-post-meta\"> \/ <a href=\"https:\/\/art-telheiras.pt\/?cat=5\">Artigos<\/a>, <a href=\"https:\/\/art-telheiras.pt\/?cat=7\">Escrita Criativa<\/a><\/p><h4 class=\"o-posts-grid-post-title\"><a href=\"https:\/\/art-telheiras.pt\/?p=353\">Atribula\u00e7\u00f5es de uma formiga em Telheiras<\/a><\/h4><div class=\"o-posts-grid-post-description\"><p>A formiga ia no seu caminho, determinada, laboriosa, empenhada, discreta, como sempre. Era preciso c\u2026<\/p><a class=\"o-posts-read-more\" href=\"https:\/\/art-telheiras.pt\/?p=353\">Read More<\/a><\/div><\/div><\/div><\/div><div class=\"o-posts-grid-post-blog o-posts-grid-post-plain\"><div class=\"o-posts-grid-post\"><div class=\"o-posts-grid-post-image\"><a href=\"https:\/\/art-telheiras.pt\/?p=311\"><img loading=\"lazy\" decoding=\"async\" width=\"930\" height=\"620\" src=\"https:\/\/art-telheiras.pt\/wp-content\/uploads\/2020\/01\/AXLX-CD-Rapidas-Jovens-2022-23_072-2-2000x1200-1-930x620.jpeg\" class=\"attachment-neve-blog size-neve-blog\" alt=\"O Clube de Xadrez ART \u00e9 uma refer\u00eancia no nosso pa\u00eds\" \/><\/a><\/div><div class=\"o-posts-grid-post-body\"><p class=\"o-posts-grid-post-meta\"> \/ <a href=\"https:\/\/art-telheiras.pt\/?cat=5\">Artigos<\/a>, <a href=\"https:\/\/art-telheiras.pt\/?cat=11\">Novidades e Mexericos<\/a><\/p><h4 class=\"o-posts-grid-post-title\"><a href=\"https:\/\/art-telheiras.pt\/?p=311\">O Clube de Xadrez ART \u00e9 uma refer\u00eancia no nosso pa\u00eds<\/a><\/h4><div class=\"o-posts-grid-post-description\"><p>O Clube de Xadrez ART \u00e9 uma refer\u00eancia no nosso pa\u00eds, n\u00e3o s\u00f3 pelos t\u00edtulos que conquista, mas, tamb\u00e9\u2026<\/p><a class=\"o-posts-read-more\" href=\"https:\/\/art-telheiras.pt\/?p=311\">Read More<\/a><\/div><\/div><\/div><\/div><\/div> <div class=\"o-posts-grid-pag\"><\/div><\/div>","protected":false},"excerpt":{"rendered":"","protected":false},"author":1,"featured_media":0,"parent":0,"menu_order":1,"comment_status":"closed","ping_status":"closed","template":"","meta":{"neve_meta_sidebar":"full-width","neve_meta_container":"contained","neve_meta_enable_content_width":"on","neve_meta_content_width":81,"neve_meta_title_alignment":"","neve_meta_author_avatar":"","neve_post_elements_order":"","neve_meta_disable_header":"","neve_meta_disable_footer":"off","neve_meta_disable_title":"on","_themeisle_gutenberg_block_has_review":false,"footnotes":""},"class_list":["post-69","page","type-page","status-publish","hentry"],"jetpack_sharing_enabled":true,"jetpack_likes_enabled":true,"_links":{"self":[{"href":"https:\/\/art-telheiras.pt\/index.php?rest_route=\/wp\/v2\/pages\/69","targetHints":{"allow":["GET"]}}],"collection":[{"href":"https:\/\/art-telheiras.pt\/index.php?rest_route=\/wp\/v2\/pages"}],"about":[{"href":"https:\/\/art-telheiras.pt\/index.php?rest_route=\/wp\/v2\/types\/page"}],"author":[{"embeddable":true,"href":"https:\/\/art-telheiras.pt\/index.php?rest_route=\/wp\/v2\/users\/1"}],"replies":[{"embeddable":true,"href":"https:\/\/art-telheiras.pt\/index.php?rest_route=%2Fwp%2Fv2%2Fcomments&post=69"}],"version-history":[{"count":70,"href":"https:\/\/art-telheiras.pt\/index.php?rest_route=\/wp\/v2\/pages\/69\/revisions"}],"predecessor-version":[{"id":1230,"href":"https:\/\/art-telheiras.pt\/index.php?rest_route=\/wp\/v2\/pages\/69\/revisions\/1230"}],"wp:attachment":[{"href":"https:\/\/art-telheiras.pt\/index.php?rest_route=%2Fwp%2Fv2%2Fmedia&parent=69"}],"curies":[{"name":"wp","href":"https:\/\/api.w.org\/{rel}","templated":true}]}}